{"id":227,"date":"2022-07-10T11:31:20","date_gmt":"2022-07-10T09:31:20","guid":{"rendered":"http:\/\/wordpresslocal\/?page_id=227"},"modified":"2026-02-11T14:35:04","modified_gmt":"2026-02-11T13:35:04","slug":"jean-morillon","status":"publish","type":"page","link":"https:\/\/jp-morillon.com\/index.php\/jean-morillon\/","title":{"rendered":"Jean Morillon"},"content":{"rendered":"\n<!-- Global site tag (gtag.js) - Google Analytics -->\n<script async=\"\" src=\"https:\/\/www.googletagmanager.com\/gtag\/js?id=UA-167405817-1\"><\/script>\n<script>\n  window.dataLayer = window.dataLayer || [];\n  function gtag(){dataLayer.push(arguments);}\n  gtag('js', new Date());\n\n  gtag('config', 'UA-167405817-1');\n<\/script>\n <meta charset=\"utf-8\">\n  <link rel=\"stylesheet\" href=\"https:\/\/jp-morillon.com\/css\/lightbox.css\">\n  <link rel=\"stylesheet\" type=\"text\/css\" href=\"css\/Style.css\">\n<link type=\"text\/css\" href=\"..\/css\/layout.css?template=generic\" rel=\"stylesheet\">\n  <meta name=\"viewport\" content=\"width=device-width, initial-scale=1.0\">\n\n\n\n<h1 class=\"has-medium-font-size\"><strong>Jean Morillon <strong>est un&nbsp;diplomate de carri\u00e8re fran\u00e7ais<\/strong>, n\u00e9 en 1924 dans les Pays de la Loire et d\u00e9c\u00e9d\u00e9 en 2008 en \u00cele-de-France.&nbsp;<\/strong><\/h1>\n\n\n<div class=\"wp-block-image\">\n<figure class=\"alignleft size-full is-resized\"><img loading=\"lazy\" src=\"http:\/\/jp-morillon.com\/wp-content\/uploads\/2022\/03\/Jean-Morillon-et-Madame-Remise-Legion-dHonneur-Dakar-reduit.jpg\" alt=\"\" class=\"wp-image-785\" width=\"-466\" height=\"-698\" srcset=\"https:\/\/jp-morillon.com\/wp-content\/uploads\/2022\/03\/Jean-Morillon-et-Madame-Remise-Legion-dHonneur-Dakar-reduit.jpg 613w, https:\/\/jp-morillon.com\/wp-content\/uploads\/2022\/03\/Jean-Morillon-et-Madame-Remise-Legion-dHonneur-Dakar-reduit-200x300.jpg 200w\" sizes=\"(max-width: 613px) 100vw, 613px\" \/><figcaption class=\"wp-element-caption\"><strong>Jean Morillon, diplomate, et Madame lors de la remise de la L\u00e9gion d&rsquo;Honneur, Dakar, S\u00e9n\u00e9gal, 1980<\/strong><\/figcaption><\/figure><\/div>\n\n\n<h2 class=\"has-text-align-center\" style=\"font-size:22px\"><strong>Etudes<\/strong><\/h2>\n\n\n\n<p class=\"has-medium-font-size\">Jean Morillon, mon p\u00e8re, poursuit des \u00e9tudes au coll\u00e8ge Saint-Joseph de Maz\u00e9, \u00e0 l&rsquo;<a href=\"https:\/\/fr.wikipedia.org\/wiki\/Universit%C3%A9_catholique_d%27Angers\">universit\u00e9 <\/a><a href=\"https:\/\/fr.wikipedia.org\/wiki\/Universit%C3%A9_catholique_d%27Angers\" target=\"_blank\" rel=\"noreferrer noopener\">catholique<\/a><a href=\"https:\/\/fr.wikipedia.org\/wiki\/Universit%C3%A9_catholique_d%27Angers\"> d&rsquo;Angers<\/a>&nbsp;d&rsquo;o\u00f9 il sort&nbsp;<a href=\"https:\/\/fr.wikipedia.org\/wiki\/Licence_(France)\">licenci\u00e9 \u00e8s <\/a><a href=\"https:\/\/fr.wikipedia.org\/wiki\/Licence_(France)\" target=\"_blank\" rel=\"noreferrer noopener\">lettres <\/a><a href=\"https:\/\/fr.wikipedia.org\/wiki\/Licence_(France)\">et en droit<\/a>, pour aller \u00e0 l&rsquo;<a href=\"https:\/\/fr.wikipedia.org\/wiki\/Institut_d%27%C3%A9tudes_politiques_de_Paris\">Institut <\/a><a href=\"https:\/\/fr.wikipedia.org\/wiki\/Institut_d%27%C3%A9tudes_politiques_de_Paris\" target=\"_blank\" rel=\"noreferrer noopener\">d\u2019\u00e9tudes <\/a><a href=\"https:\/\/fr.wikipedia.org\/wiki\/Institut_d%27%C3%A9tudes_politiques_de_Paris\">politiques de Paris<\/a>&nbsp;puis \u00e0 l&rsquo;<a href=\"https:\/\/fr.wikipedia.org\/wiki\/%C3%89cole_des_langues_orientales\">\u00c9cole des langues <\/a><a href=\"https:\/\/fr.wikipedia.org\/wiki\/%C3%89cole_des_langues_orientales\" target=\"_blank\" rel=\"noreferrer noopener\">orientales<\/a>.&nbsp;<\/p>\n\n\n\n<h2 class=\"has-text-align-center\" style=\"font-size:22px\"><strong>Carri\u00e8re<\/strong><\/h2>\n\n\n\n<p class=\"has-medium-font-size\">Sa carri\u00e8re d\u00e9bute \u00e0&nbsp;<a href=\"http:\/\/www.villes.co\/roumanie\/ville_bucuresti_010011.html\" target=\"_blank\" rel=\"noreferrer noopener\">Bucarest<\/a>&nbsp;en Roumanie puis \u00e0&nbsp;<a rel=\"noreferrer noopener\" href=\"https:\/\/www.google.com\/maps\/place\/Tripoli,+Libye\/@32.882932,13.1533164,13z\/data=!3m1!4b1!4m5!3m4!1s0x13a892c4c11c43d9:0x8d99d8947b5cec86!8m2!3d32.8872094!4d13.1913383\" target=\"_blank\">Tripoli<\/a>&nbsp;en Libye o\u00f9 il exerce les fonctions d&rsquo;attach\u00e9 de la d\u00e9l\u00e9gation fran\u00e7aise au Conseil de Nations Unies pour la Libye.<\/p>\n\n\n\n<p class=\"has-medium-font-size\">Au&nbsp;sein du minist\u00e8re des Affaires \u00e9trang\u00e8res, il occupe diff\u00e9rents et nombreux postes dans les ambassades et consulats de France:<\/p>\n\n\n\n<p class=\"has-medium-font-size\"><a href=\"https:\/\/www.google.ru\/maps\/place\/Tunis,+Tunisie\/@36.78569,10.026231,10.5z\/data=!4m5!3m4!1s0x12fd337f5e7ef543:0xd671924e714a0275!8m2!3d36.8064948!4d10.1815316\" target=\"_blank\" rel=\"noreferrer noopener\">Tunis<\/a>&nbsp;en Tunisie<\/p>\n\n\n\n<p class=\"has-medium-font-size\"><a href=\"https:\/\/www.google.com\/maps\/place\/Djeddah+Arabie+saoudite\/@21.4498898,38.9309561,10z\/data=!3m1!4b1!4m5!3m4!1s0x15c3d01fb1137e59:0xe059579737b118db!8m2!3d21.485811!4d39.1925048\" target=\"_blank\" rel=\"noreferrer noopener\">Djeddah<\/a>&nbsp;en Arabie saoudite<\/p>\n\n\n\n<p class=\"has-medium-font-size\"><a href=\"https:\/\/www.google.com\/maps\/place\/Bagdad,+Irak\/@33.3113716,44.0757167,10z\/data=!3m1!4b1!4m5!3m4!1s0x15577f67a0a74193:0x9deda9d2a3b16f2c!8m2!3d33.315241!4d44.3660671\" target=\"_blank\" rel=\"noreferrer noopener\">Bagdad<\/a>&nbsp;(ville dans laquelle je suis n\u00e9)&nbsp;en&nbsp;<a rel=\"noreferrer noopener\" href=\"http:\/\/www.jp-morillon.com\/moyen-orient\/\" target=\"_blank\">Irak<\/a>, alors le Royaume d&rsquo;Irak<\/p>\n\n\n\n<p class=\"has-medium-font-size\"><a href=\"https:\/\/www.google.com\/maps\/place\/Tabriz,+Azerba%C3%AFdjan+oriental,+Iran\/@38.0800358,46.0135401,10z\/data=!3m1!4b1!4m5!3m4!1s0x401a05175b8429e1:0x59cb1dc6f21233fb!8m2!3d38.096239!4d46.2738013\">T<\/a><a href=\"https:\/\/www.google.com\/maps\/place\/Tabriz,+Azerba%C3%AFdjan+oriental,+Iran\/@38.0800358,46.0135401,10z\/data=!3m1!4b1!4m5!3m4!1s0x401a05175b8429e1:0x59cb1dc6f21233fb!8m2!3d38.096239!4d46.2738013\" target=\"_blank\" rel=\"noreferrer noopener\">a<\/a><a href=\"https:\/\/www.google.com\/maps\/place\/Tabriz,+Azerba%C3%AFdjan+oriental,+Iran\/@38.0800358,46.0135401,10z\/data=!3m1!4b1!4m5!3m4!1s0x401a05175b8429e1:0x59cb1dc6f21233fb!8m2!3d38.096239!4d46.2738013\">briz<\/a>&nbsp;en Iran<\/p>\n\n\n\n<p class=\"has-medium-font-size\"><a href=\"https:\/\/www.google.com\/maps\/place\/Rabat,+Maroc\/@33.9534836,-6.8441731,9.75z\/data=!4m5!3m4!1s0xda76b871f50c5c1:0x7ac946ed7408076b!8m2!3d33.9715904!4d-6.8498129\" target=\"_blank\" rel=\"noreferrer noopener\">Rabat<\/a>&nbsp;puis&nbsp;<a href=\"https:\/\/www.google.com\/maps\/place\/Ouarzazate+45000,+Maroc\/@31.2104439,-7.3641398,9.5z\/data=!4m5!3m4!1s0xdbb104077422057:0x26b3cb529b37ab00!8m2!3d30.9335436!4d-6.937016\" target=\"_blank\" rel=\"noreferrer noopener\">Ouarzazate<\/a>&nbsp;au Maroc (le premier consul de France dans cette ville, dans laquelle est n\u00e9 mon fr\u00e8re Fran\u00e7ois, \u00e0 la suite de l&rsquo;acc\u00e8s \u00e0 l&rsquo;ind\u00e9pendance du Maroc)<\/p>\n\n\n\n<p class=\"has-medium-font-size\"><a href=\"https:\/\/www.google.com\/maps\/place\/Khartoum,+Soudan\/@15.0434813,32.7150299,7.25z\/data=!4m5!3m4!1s0x168e8fde9837cabf:0x191f55de7e67db40!8m2!3d15.5006544!4d32.5598994\" target=\"_blank\" rel=\"noreferrer noopener\">Khartoum<\/a>&nbsp;au Soudan. En poste aussi pendant la&nbsp;<a href=\"https:\/\/www.lemonde.fr\/archives\/article\/1964\/01\/22\/m-chou-en-lai-se-rendra-au-soudan-et-en-somalie-apres-sa-visite-en-guinee_2113313_1819218.html\" target=\"_blank\" rel=\"noreferrer noopener\">visite du premier ministre chinois<\/a>&nbsp;Chou En-Lai en 1964.<\/p>\n\n\n\n<p class=\"has-medium-font-size\"><a href=\"https:\/\/www.google.com\/maps\/place\/Ankara,+Turquie\/@39.9931675,31.7024681,7.75z\/data=!4m5!3m4!1s0x14d347d520732db1:0xbdc57b0c0842b8d!8m2!3d39.9333635!4d32.8597419\" target=\"_blank\" rel=\"noreferrer noopener\">Ankara<\/a>&nbsp;en&nbsp;<a href=\"http:\/\/www.jp-morillon.com\/les-pays\/\" target=\"_blank\" rel=\"noreferrer noopener\">Turquie&nbsp;<\/a>(pendant la visite officielle du&nbsp;<a href=\"https:\/\/fresques.ina.fr\/de-gaulle\/fiche-media\/Gaulle00279\/voyage-en-turquie-et-entretien-avec-michel-debre.html\" target=\"_blank\" rel=\"noreferrer noopener\">G\u00e9n\u00e9ral de Gaulle<\/a>, accompagn\u00e9 de <a href=\"https:\/\/fr.wikipedia.org\/wiki\/Michel_Debr%C3%A9\" target=\"_blank\" rel=\"noreferrer noopener\">Michel Debr\u00e9<\/a>,&nbsp;en octobre 1968)<\/p>\n\n\n\n<p class=\"has-medium-font-size\"><a href=\"https:\/\/www.google.com\/maps\/place\/Alexandrie,+%C3%89gypte\/@31.042197,30.0381295,7.75z\/data=!4m5!3m4!1s0x14f5c49126710fd3:0xb4e0cda629ee6bb9!8m2!3d31.2000924!4d29.9187387\" target=\"_blank\" rel=\"noreferrer noopener\">Alexandrie<\/a>&nbsp;en <a href=\"https:\/\/www.google.com\/maps\/place\/%C3%89gypte\/@26.507349,20.2392256,5z\/data=!3m1!4b1!4m6!3m5!1s0x14368976c35c36e9:0x2c45a00925c4c444!8m2!3d26.820553!4d30.802498!16zL20vMDJrNTQ?entry=ttu&amp;g_ep=EgoyMDI1MDQwOC4wIKXMDSoASAFQAw%3D%3D\" target=\"_blank\" rel=\"noreferrer noopener\">\u00c9gypte<\/a><\/p>\n\n\n\n<p class=\"has-medium-font-size\"><a href=\"https:\/\/www.google.com\/maps\/place\/Mogadiscio,+Somalie\/@8.4228037,44.1969228,6.25z\/data=!4m5!3m4!1s0x3d58425955ce6b53:0xbb20eaaa52cc59d9!8m2!3d2.0469343!4d45.3181623\" target=\"_blank\" rel=\"noreferrer noopener\">Mogadiscio<\/a>&nbsp;en&nbsp;<a href=\"http:\/\/www.jp-morillon.com\/les-pays\/\" target=\"_blank\" rel=\"noreferrer noopener\">Somalie<\/a><\/p>\n\n\n\n<p class=\"has-medium-font-size\" id=\"Seoul\"><a href=\"https:\/\/www.google.com\/maps\/place\/S%C3%A9oul,+Cor%C3%A9e+du+Sud\/@36.1824154,127.4823408,6.5z\/data=!4m5!3m4!1s0x357ca2012d5c39cf:0x7e11eca1405bf29b!8m2!3d37.566535!4d126.9779692\" target=\"_blank\" rel=\"noreferrer noopener\">S\u00e9oul<\/a><a href=\"https:\/\/www.lemonde.fr\/archives\/article\/1963\/10\/08\/un-message-de-m-jean-de-beausse-ambassadeur-de-france-au-cambodge_2211008_1819218.html\" target=\"_blank\" rel=\"noreferrer noopener\">&nbsp;<\/a><em>(<a href=\"#Seoul\">1<\/a>)&nbsp;<\/em>en <a href=\"https:\/\/www.google.com\/maps\/place\/Cor%C3%A9e+du+Sud\/@39.260673,127.2162609,6.25z\/data=!4m6!3m5!1s0x356455ebcb11ba9b:0x91249b00ba88db4b!8m2!3d35.907757!4d127.766922!16zL20vMDZxZDM?entry=ttu&amp;g_ep=EgoyMDI1MDQwOC4wIKXMDSoASAFQAw%3D%3D\" target=\"_blank\" rel=\"noreferrer noopener\">Cor\u00e9e du Sud<\/a>.&nbsp;<\/p>\n\n\n\n<p class=\"has-medium-font-size\"><a href=\"https:\/\/www.google.com\/maps\/place\/Amman,+Jordanie\/@31.9425838,35.1586048,10.25z\/data=!4m5!3m4!1s0x151b5fb85d7981af:0x631c30c0f8dc65e8!8m2!3d31.9539494!4d35.910635\" target=\"_blank\" rel=\"noreferrer noopener\">Amman<\/a>&nbsp;en&nbsp;<a href=\"http:\/\/www.jp-morillon.com\/moyen-orient\/\" target=\"_blank\" rel=\"noreferrer noopener\">Jordanie<\/a><\/p>\n\n\n\n<p class=\"has-medium-font-size\"><a rel=\"noreferrer noopener\" href=\"https:\/\/www.google.com\/maps\/place\/Dakar,+S%C3%A9n%C3%A9gal\/@14.723518,-17.3975207,12.25z\/data=!4m5!3m4!1s0xec172f5b3c5bb71:0xb17c17d92d5db21f!8m2!3d14.716677!4d-17.4676861\" target=\"_blank\">Dakar<\/a>&nbsp;<em>(<a href=\"#Dakar\">2<\/a>)<\/em>&nbsp;au S\u00e9n\u00e9gal (pendant une visite officielle de&nbsp;<a href=\"https:\/\/fr.wikipedia.org\/wiki\/Jacques_Chirac\" target=\"_blank\" rel=\"noreferrer noopener\">Jacques Chirac<\/a>&nbsp;alors Premier ministre).&nbsp; Il exerce alors de nombreuses missions ponctuelles en&nbsp;<a rel=\"noreferrer noopener\" href=\"https:\/\/www.google.com\/maps\/place\/Guin%C3%A9e-Bissau\/@12.9149835,-16.7062469,8z\/data=!4m5!3m4!1s0xee43c74af82a9f1:0xbbe88e3f571e084e!8m2!3d11.803749!4d-15.180413\" target=\"_blank\">Guin\u00e9e-Bissau<\/a>.<\/p>\n\n\n\n<p class=\"has-medium-font-size\">Il est tr\u00e8s souvent confront\u00e9 \u00e0 des situations de guerre, de conflits ou d\u2019\u00e9meutes parmi lesquelles l&rsquo;Irak (nationalisation du&nbsp;<a href=\"https:\/\/fr.wikipedia.org\/wiki\/Canal_de_Suez\" target=\"_blank\" rel=\"noreferrer noopener\">Canal de Suez<\/a>) et le Soudan (\u00e9meutes, guerre civile). <\/p>\n\n\n\n<p class=\"has-medium-font-size\">En \u00c9gypte \u00e9galement, il remplace (alors qu&rsquo;il est en poste \u00e0 Ankara, poste qu&rsquo;il retrouvera ensuite) le consul g\u00e9n\u00e9ral de France&nbsp;\u00e0 Alexandrie, Fran\u00e7ois de Testa,&nbsp;pendant la&nbsp;<a href=\"https:\/\/fr.wikipedia.org\/wiki\/Guerre_des_Six_Jours\" target=\"_blank\" rel=\"noreferrer noopener\">Guerre des Six Jours<\/a>&nbsp;en 1967. Le hasard veut qu\u2019il ait aussi \u00e0 g\u00e9rer dans cette m\u00eame p\u00e9riode le dossier du divorce de l&rsquo;artiste&nbsp;<a href=\"http:\/\/familletiberghien.over-blog.com\/2018\/06\/13-mai-1967-claude-francois-divorce.html#:~:text=Claude%20Fran%C3%A7ois%20et%20sa%20premi%C3%A8re,5%20novembre%201960%20%C3%A0%20Monaco.&amp;text=1960.\" target=\"_blank\" rel=\"noreferrer noopener\">Claude Fran\u00e7ois<\/a>.<\/p>\n\n\n\n<p class=\"has-medium-font-size\">Il \u0153uvre en \u00e9troite collaboration avec les responsables dirigeants et politiques de nombreux pays aupr\u00e8s desquels il est en poste. Il collabore \u00e9galement avec des personnalit\u00e9s, dont quelques photos sont publi\u00e9es sur ce site, telles&nbsp;<a href=\"https:\/\/www.ofpra.gouv.fr\/les-anciens-directeurs-de-lofpra\/georges-gueyraud-1897-1970\" target=\"_blank\" rel=\"noreferrer noopener\"><strong>Georges Gueyraud<\/strong>,<\/a>&nbsp;<strong><a href=\"http:\/\/www.jp-morillon.com\/roger-chambard\/\" target=\"_blank\" rel=\"noreferrer noopener\">Roger Chambard<\/a><\/strong>,&nbsp;<strong><a href=\"https:\/\/www.monde-diplomatique.fr\/1955\/01\/GARREAU\/21307\" target=\"_blank\" rel=\"noreferrer noopener\">Roger Garreau<\/a><\/strong>,&nbsp;<strong><a href=\"https:\/\/www.lemonde.fr\/archives\/article\/1963\/02\/20\/m-pierre-de-vaucelles-ambassadeur-au-venezuela_2228273_1819218.html\" target=\"_blank\" rel=\"noreferrer noopener\">Pierre de Vaucelles<\/a><\/strong>,&nbsp;<strong><a href=\"https:\/\/data.bnf.fr\/11104603\/jacques_dumarcay\/\" target=\"_blank\" rel=\"noreferrer noopener\">Jacques Dumar\u00e7ay<\/a><\/strong>,&nbsp;<strong><a href=\"https:\/\/www.ordredelaliberation.fr\/fr\/compagnons\/alexandre-parodi\" target=\"_blank\" rel=\"noreferrer noopener\">Alexandre Parodi<\/a><\/strong>,&nbsp;<a href=\"https:\/\/www.lemonde.fr\/archives\/article\/1963\/11\/07\/mm-jean-royere-ambassadeurs-au-soudan_2219893_1819218.html\" target=\"_blank\" rel=\"noreferrer noopener\"><strong>Jean Roy\u00e8re<\/strong><\/a><em>&nbsp;(<a href=\"#Jean_Royere\">3<\/a>)<\/em>,&nbsp;<strong><a href=\"https:\/\/fr.wikipedia.org\/wiki\/Gontran_de_Juniac\" target=\"_blank\" rel=\"noreferrer noopener\">Gontran Bego\u00fcgne de Juniac<\/a><\/strong>,&nbsp;<strong><a href=\"https:\/\/www.lemonde.fr\/archives\/article\/1963\/10\/08\/un-message-de-m-jean-de-beausse-ambassadeur-de-france-au-cambodge_2211008_1819218.html\" target=\"_blank\" rel=\"noreferrer noopener\">Jean de Beausse<\/a><\/strong>,&nbsp;<strong><a href=\"https:\/\/www.waymarking.com\/waymarks\/WMEGE5_Pierre_Landy_Park_Jindo_Korea\" target=\"_blank\" rel=\"noreferrer noopener\">Pierre Landy<\/a><\/strong>,&nbsp;<strong><a href=\"https:\/\/www.babelio.com\/auteur\/Jacques-de-Folin\/423659#:~:text=Jacques%20de%20Folin%20est%20un,les%20Forces%20Navales%20Fran%C3%A7aises%20Libres.\" target=\"_blank\" rel=\"noreferrer noopener\">Jacques de Folin<\/a><\/strong>&nbsp;et&nbsp;<strong><a href=\"https:\/\/www.lepoint.fr\/politique\/deces-du-diplomate-fernand-wibaux-un-des-piliers-de-la-francafrique-21-12-2013-1773312_20.php\" target=\"_blank\" rel=\"noreferrer noopener\">Fernand Wibaux<\/a><\/strong>&nbsp;(r\u00e9sistant, diplomate et haut fonctionnaire).&nbsp;&nbsp;<\/p>\n\n\n\n<h2 class=\"has-text-align-center\" style=\"font-size:22px\"><strong>Distinctions<\/strong><\/h2>\n\n\n\n<p class=\"has-medium-font-size\">officier du&nbsp;<a href=\"https:\/\/fr.wikipedia.org\/wiki\/Nichan_Iftikhar\" target=\"_blank\" rel=\"noreferrer noopener\">Nichan Iftikhar<\/a>&nbsp;(Tunis 1951),<\/p>\n\n\n\n<p class=\"has-medium-font-size\"><a href=\"https:\/\/fr.wikipedia.org\/wiki\/Ordre_national_du_M%C3%A9rite_(France)\" target=\"_blank\" rel=\"noreferrer noopener\">chevalier de l&rsquo;ordre national du M\u00e9rite<\/a>&nbsp;(<em>Ankara, 1968:&nbsp;Scell\u00e9 du sceau de l&rsquo;Ordre sous le n\u00b0 2134 C 68, 11 mai 1968<\/em>)&nbsp;<\/p>\n\n\n\n<p class=\"has-medium-font-size\"><a href=\"https:\/\/fr.wikipedia.org\/wiki\/Chevalier_de_la_L%C3%A9gion_d%27honneur\" target=\"_blank\" rel=\"noreferrer noopener\">chevalier de la L\u00e9gion d&rsquo;honneur<\/a>&nbsp;(<em>Dakar, 1980:&nbsp;Scell\u00e9 du sceau de l&rsquo;Ordre sous le n\u00b0 2863 CV 79, 31 mars 1980).<\/em>&nbsp;<\/p>\n\n\n\n<h2 class=\"has-text-align-center\" style=\"font-size:22px\"><strong>Culture et publications<\/strong><\/h2>\n\n\n\n<p class=\"has-medium-font-size\">D\u00e8s sa jeunesse et avec ma m\u00e8re, il est un proche du p\u00e8re capucin&nbsp;<a href=\"https:\/\/data.bnf.fr\/fr\/12185751\/julien-eymard_d_angers\/\" target=\"_blank\" rel=\"noreferrer noopener\">Charles Chesneau<\/a>&nbsp;(1902-1970), leur enseignant, plus connu sous son nom en religion: le r\u00e9v\u00e9rend P\u00e8re Julien&nbsp;Aymard d&rsquo;Angers.<\/p>\n\n\n\n<p class=\"has-medium-font-size\">Il est passionn\u00e9 par la diversit\u00e9 des cultures, les langues, les religions particuli\u00e8rement l\u2019<a href=\"https:\/\/fr.wikipedia.org\/wiki\/Islam\">Islam<\/a>.<\/p>\n\n\n\n<p class=\"has-medium-font-size\">L&rsquo;islamologue&nbsp;<a href=\"https:\/\/data.bnf.fr\/fr\/11914994\/louis_massignon\/\" target=\"_blank\" rel=\"noreferrer noopener\">Louis Massignon<\/a>, son professeur \u00e0 l&rsquo;<a href=\"https:\/\/fr.wikipedia.org\/wiki\/Institut_d%27%C3%A9tudes_politiques_de_Paris\">Institut <\/a><a href=\"https:\/\/fr.wikipedia.org\/wiki\/Institut_d%27%C3%A9tudes_politiques_de_Paris\" target=\"_blank\" rel=\"noreferrer noopener\">d\u2019\u00e9tudes <\/a><a href=\"https:\/\/fr.wikipedia.org\/wiki\/Institut_d%27%C3%A9tudes_politiques_de_Paris\">politiques<\/a>, reste son ma\u00eetre \u00e0 penser dont l&rsquo;influence est consid\u00e9rable dans le d\u00e9roulement de carri\u00e8re.<\/p>\n\n\n\n<p class=\"has-medium-font-size\">Il porte \u00e9galement une grande admiration Djal\u00e2l ad-D\u00een R\u00fbm\u00ee,&nbsp;po\u00e8te mystique persan&nbsp;d\u00e9sign\u00e9 comme \u00ab<a href=\"https:\/\/fr.wikipedia.org\/wiki\/Djal%C3%A2l_ad-D%C3%AEn_R%C3%BBm%C3%AE\" target=\"_blank\" rel=\"noreferrer noopener\">Mawl\u00e2n\u00e2<\/a><em>\u00bb<\/em>. Lors de son long s\u00e9jour en Turquie, Jean Morillon a l&rsquo;occasion de se rendre plusieurs fois \u00e0 <a href=\"https:\/\/www.google.com\/maps\/place\/Konya,+Turquie\/@38.7653422,30.7092369,7.5z\/data=!4m5!3m4!1s0x14d08568d615f745:0x240dd0fc08060967!8m2!3d37.8746429!4d32.4931554\" target=\"_blank\" rel=\"noreferrer noopener\">Konya <\/a>afin de rendre hommage \u00e0 ce po\u00e8te &nbsp;et d&rsquo;affiner ses recherches.<\/p>\n\n\n\n<p class=\"has-medium-font-size\">Fascin\u00e9 par la Vierge Marie, il se rend, avec sa famille, dans la majorit\u00e9 des lieux qui auraient connu ses apparitions. <\/p>\n\n\n\n<p class=\"has-medium-font-size\">Il ma\u00eetrise parfaitement arabe, h\u00e9breu et turc et pratique \u00e9galement, au cours de sa carri\u00e8re, le chinois et le cor\u00e9en.<\/p>\n\n\n\n<p class=\"has-medium-font-size\">En compl\u00e9ment \u00e0 de multiples conf\u00e9rences dans de nombreux pays, Jean Morillon a r\u00e9dig\u00e9 les ouvrages et articles suivants&nbsp;:<\/p>\n\n\n\n<ul>\n<li><em><a href=\"https:\/\/catalogue.bnf.fr\/ark:\/12148\/cb33105611g\" target=\"_blank\" rel=\"noreferrer noopener\">Massignon<\/a><\/em>, Classiques du&nbsp;xx<sup>e<\/sup>&nbsp;si\u00e8cle, 1964. Premier essai consacr\u00e9 \u00e0 la pens\u00e9e de&nbsp;Louis Massignon et \u00e9galement ouvrage de r\u00e9f\u00e9rence sur l&rsquo;islam auquel se r\u00e9f\u00e8rent de nombreux sp\u00e9cialistes, philosophes et auteurs parmi lesquels&nbsp;<a href=\"http:\/\/www.moncelon.fr\/robertamadou.htm\" target=\"_blank\" rel=\"noreferrer noopener\">Robert Amadou<\/a>&nbsp;(1924-2006):<\/li>\n<\/ul>\n\n\n\n<p style=\"font-size:19px\"><em>\u00ab\u00a0Or, comme le rappelle Jean Morillon, avant de citer Massignon, \u00ab\u00a0c&rsquo;est l&rsquo;islam qui, des trois religions monoth\u00e9istes, a conserv\u00e9, de la fa\u00e7on la plus pure, la m\u00e9moire de l&rsquo;anc\u00eatre commun Abraham : lui qui est pr\u00e9destin\u00e9 \u00e0 recevoir dans son sein, toutes les nations, au c\u0153ur de la Ville sainte : \u00ab\u00a0l&rsquo;hospitalit\u00e9 d&rsquo;Abraham est un signe annonciateur de la consommation finale du rassemblement de toutes les nations, b\u00e9nies en Abraham, dans cette Terre Sainte qui ne doit \u00eatre monopolis\u00e9e par aucune. Et tant dans son ascension nocturne que dans sa premi\u00e8re orientation de pri\u00e8re canonique vers J\u00e9rusalem, Mohammed, le proph\u00e8te de l&rsquo;islam, a revendiqu\u00e9 la part de b\u00e9n\u00e9diction abrahamique, la part de possession de la Terre Sainte promise \u00e0 tout fils d&rsquo;Abraham, fils selon la naissance ou selon l&rsquo;adoption de la foi.\u00a0\u00bb<\/em><\/p>\n\n\n\n<ul>\n<li><em><a rel=\"noreferrer noopener\" href=\"http:\/\/ethiopiques.refer.sn\/spip.php?article588\" target=\"_blank\">La vocation de l&rsquo;Islam et Massignon<\/a>,&nbsp;<\/em>Revue \u00c9thiopiques&nbsp;n\u00b015, 1978&nbsp;(<em><a href=\"#Ethiopiques\">4<\/a><\/em>).<a href=\"https:\/\/fr.wikipedia.org\/w\/index.php?title=Jean_Morillon&amp;diff=prev&amp;oldid=167296090#cite_note-8\"><\/a><\/li>\n\n\n\n<li><a rel=\"noreferrer noopener\" href=\"http:\/\/www.moncelon.fr\/bibliodormants.htm\" target=\"_blank\"><em>La signification islamo-chr\u00e9tienne de la l\u00e9gende des Sept Dormants d\u2019\u00c9ph\u00e8se<\/em>,<\/a>&nbsp;Bulletin&nbsp;Union des Croyants,&nbsp;avril 1988.<a href=\"https:\/\/fr.wikipedia.org\/w\/index.php?title=Jean_Morillon&amp;diff=prev&amp;oldid=167296090#cite_note-9\"><\/a><\/li>\n\n\n\n<li><em>Sunnites et Sh\u2019ites<\/em>,&nbsp;<em>Historia<\/em>, n\u00b0 430,&nbsp;septembre 1982, p. 84-85.&nbsp;<\/li>\n\n\n\n<li>\u00ab&nbsp;<em>La r\u00e9v\u00e9lation et les langues s\u00e9mitiques d\u2019apr\u00e8s Louis Massignon&nbsp;\u00bb,&nbsp;&nbsp;pages 43-69, \u00ab&nbsp;Louis Massignon et le dialogue des cultures&nbsp;\u00bb,&nbsp;<\/em>actes du colloque organis\u00e9 par l&rsquo;Organisation des Nations Unies pour l&rsquo;\u00e9ducation, la science et la culture et r\u00e9unis. par Daniel Massignon (Les Editions du Cerf, Paris, 1996). En pr\u00e9face, un message de&nbsp;<a rel=\"noreferrer noopener\" href=\"https:\/\/www.un.org\/sg\/fr\/content\/boutros-boutros-ghali\" target=\"_blank\">Monsieur&nbsp;<\/a><a rel=\"noreferrer noopener\" href=\"http:\/\/www.jp-morillon.com\/ethiopiques.refer.sn\" target=\"_blank\">Boutros Boutros-Ghali<\/a>,&nbsp;secr\u00e9taire&nbsp;g\u00e9n\u00e9ral de l&rsquo;ONU.<\/li>\n<\/ul>\n\n\n\n<h1 class=\"has-text-align-center\" style=\"font-size:22px\"><strong>Famille et relations<\/strong><\/h1>\n\n\n\n<p class=\"has-medium-font-size\">Issu d&rsquo;une famille dont les racines sont ancr\u00e9es en Anjou, plus particuli\u00e8rement dans l&rsquo;actuel d\u00e9partement de la Mayenne, Jean Morillon est le fils de&nbsp;<strong>Paul Morillon<\/strong>, notaire dans diff\u00e9rentes \u00e9tudes parmi lesquelles Nantes, Troyes, Lusignan et&nbsp;<a href=\"https:\/\/francearchives.fr\/fr\/agent\/19594982?es_escategory=archives\" target=\"_blank\" rel=\"noreferrer noopener\">Morannes<\/a>, et le fr\u00e8re d&rsquo;Yves, ing\u00e9nieur chimiste.&nbsp;<\/p>\n\n\n<div class=\"wp-block-image\">\n<figure class=\"aligncenter size-large is-resized\"><img loading=\"lazy\" src=\"https:\/\/jp-morillon.com\/wp-content\/uploads\/2026\/02\/MORILLON-Jean-et-Yves-638x1024.jpg\" alt=\"\" class=\"wp-image-1674\" width=\"415\" height=\"666\" srcset=\"https:\/\/jp-morillon.com\/wp-content\/uploads\/2026\/02\/MORILLON-Jean-et-Yves-638x1024.jpg 638w, https:\/\/jp-morillon.com\/wp-content\/uploads\/2026\/02\/MORILLON-Jean-et-Yves-187x300.jpg 187w, https:\/\/jp-morillon.com\/wp-content\/uploads\/2026\/02\/MORILLON-Jean-et-Yves.jpg 675w\" sizes=\"(max-width: 415px) 100vw, 415px\" \/><figcaption class=\"wp-element-caption\">Yves et Jean Morillon.<\/figcaption><\/figure><\/div>\n\n\n<div class=\"wp-block-media-text alignwide is-stacked-on-mobile has-black-color has-text-color\" style=\"grid-template-columns:42% auto\"><figure class=\"wp-block-media-text__media\"><img loading=\"lazy\" width=\"606\" height=\"871\" src=\"http:\/\/jp-morillon.com\/wp-content\/uploads\/2022\/03\/Paul-Morillon.jpg\" alt=\"Monsieur Paul Morillon\" class=\"wp-image-788 size-full\" srcset=\"https:\/\/jp-morillon.com\/wp-content\/uploads\/2022\/03\/Paul-Morillon.jpg 606w, https:\/\/jp-morillon.com\/wp-content\/uploads\/2022\/03\/Paul-Morillon-209x300.jpg 209w\" sizes=\"(max-width: 606px) 100vw, 606px\" \/><\/figure><div class=\"wp-block-media-text__content\">\n<p class=\"has-medium-font-size\"><strong>Paul Morillon<\/strong> suit des \u00e9tudes \u00e0 Angers au coll\u00e8ge Saint-Julien puis \u00e0 l&rsquo;Ecole de Notariat. Il d\u00e9bute sa carri\u00e8re dans le notariat \u00e0 Nantes en qualit\u00e9 de clerc de notaire et de syndic liquidateur.<\/p>\n\n\n\n<p class=\"has-medium-font-size\">Il est \u00e9galement maire de la commune de Maz\u00e9 (Maine-et-Loire).<\/p>\n\n\n\n<p class=\"has-medium-font-size\">Il est au front&nbsp;lors de la premi\u00e8re guerre mondiale au sein du 33\u00e8me d\u2019artillerie puis des 220\u00e8me et 274\u00e8me r\u00e9giments d&rsquo;artillerie de campagne.<\/p>\n\n\n\n<p class=\"has-medium-font-size\">Son \u00e9pouse, ma grand-m\u00e8re paternelle, est originaire de l&rsquo;actuelle province de la Nouvelle-Aquitaine par son p\u00e8re (famille \u00e9tablie principalement dans la Vienne depuis des g\u00e9n\u00e9rations) et de Normandie mais \u00e9galement de Picardie par sa m\u00e8re (Seine-Maritime et Pas-de-Calais).<\/p>\n\n\n<div class=\"wp-block-image\">\n<figure class=\"aligncenter size-full is-resized\"><img loading=\"lazy\" src=\"https:\/\/jp-morillon.com\/wp-content\/uploads\/2026\/02\/MORILLON-Medaille-Site.jpg\" alt=\"\" class=\"wp-image-1675\" width=\"222\" height=\"247\" srcset=\"https:\/\/jp-morillon.com\/wp-content\/uploads\/2026\/02\/MORILLON-Medaille-Site.jpg 311w, https:\/\/jp-morillon.com\/wp-content\/uploads\/2026\/02\/MORILLON-Medaille-Site-270x300.jpg 270w\" sizes=\"(max-width: 222px) 100vw, 222px\" \/><figcaption class=\"wp-element-caption\"><strong>M\u00e9daille militaire Paul Morillon<\/strong><\/figcaption><\/figure><\/div>\n\n\n<p><\/p>\n<\/div><\/div>\n\n\n\n<div class=\"wp-block-media-text alignwide has-media-on-the-right is-stacked-on-mobile\" style=\"grid-template-columns:auto 36%\"><div class=\"wp-block-media-text__content\">\n<p class=\"has-medium-font-size\"><strong>Ma m\u00e8re<\/strong> est angevine par sa m\u00e8re et berrichonne par son p\u00e8re.<\/p>\n\n\n\n<p class=\"has-medium-font-size\">Mes parents se sont rencontr\u00e9s&nbsp;\u00e0 la \u00ab\u00a0Catho\u00a0\u00bb, soit l&rsquo;<a rel=\"noreferrer noopener\" href=\"https:\/\/www.uco.fr\/fr\" target=\"_blank\">Universit\u00e9 Catholique d&rsquo;Angers<\/a>. Ma m\u00e8re, apr\u00e8s des \u00e9tudes secondaires \u00e0 l&rsquo;Ecole de Jeunes Filles de la rue Bodinier, y \u00e9tudiait l&rsquo;histoire, particuli\u00e8rement la p\u00e9riode de la Renaissance et l&rsquo;histoire de l&rsquo;Empire byzantin.&nbsp; &nbsp;<\/p>\n\n\n\n<p class=\"has-medium-font-size\">Jean Morillon est un ami proche du&nbsp;<strong><a href=\"https:\/\/legal.un.org\/diplomaticconferences\/1961_dipl_intercourse\/docs\/french\/vol_1\/delegations.pdf\" target=\"_blank\" rel=\"noreferrer noopener\">comte Pierre de Vaucelles<\/a><\/strong>, mon parrain (ma marraine est Madame Annette Hallberger).<\/p>\n\n\n\n<p class=\"has-medium-font-size\">Le comte Pierre de Vaucelles est entr\u00e9 dans la carri\u00e8re diplomatique en 1932. Il a exerc\u00e9 des fonctions diplomatiques \u00e0 Bucarest, Berlin, Budapest puis celle d&rsquo;<a href=\"https:\/\/fr.wikipedia.org\/wiki\/Ambassade_de_France_en_Irak\" target=\"_blank\" rel=\"noreferrer noopener\">ambassadeur de France \u00e0 Bagdad (Irak)<\/a>&nbsp;entre 1954 et 1956. Sa carri\u00e8re se poursuit, dans les m\u00eames fonctions, \u00e0 Caracas (1963-1967) et \u00e0 Oslo (1967-1971). Pierre de Vaucelles est \u00e9galement ministre pl\u00e9nipotentiaire, chef de la section politique \u00e0 l&rsquo;Institut des hautes \u00e9tudes de la d\u00e9fense nationale et chef de la d\u00e9l\u00e9gation fran\u00e7aise, \u00e0 la&nbsp;<a href=\"https:\/\/legal.un.org\/diplomaticconferences\/1961_dipl_intercourse\/docs\/french\/vol_1\/delegations.pdf\" target=\"_blank\" rel=\"noreferrer noopener\">Conf\u00e9rence des Nations Unies sur les relations et immunit\u00e9s diplomatiques<\/a>&nbsp;\u00e0 Vienne en 1961.<\/p>\n<\/div><figure class=\"wp-block-media-text__media\"><img loading=\"lazy\" width=\"554\" height=\"917\" src=\"http:\/\/jp-morillon.com\/wp-content\/uploads\/2022\/03\/Madame-Jean-Morillon-1942.jpg\" alt=\"Madame Jean Morillon, Angers, 1942\" class=\"wp-image-790 size-full\" srcset=\"https:\/\/jp-morillon.com\/wp-content\/uploads\/2022\/03\/Madame-Jean-Morillon-1942.jpg 554w, https:\/\/jp-morillon.com\/wp-content\/uploads\/2022\/03\/Madame-Jean-Morillon-1942-181x300.jpg 181w\" sizes=\"(max-width: 554px) 100vw, 554px\" \/><\/figure><\/div>\n\n\n\n<p class=\"has-medium-font-size\">&nbsp;A diff\u00e9rentes reprises&nbsp;(Bagdad,&nbsp;Khartoum et Ankara), Jean Morillon est en poste avec son ami&nbsp;<a rel=\"noreferrer noopener\" href=\"https:\/\/www.ordredelaliberation.fr\/fr\/compagnons\/claude-mantel\" target=\"_blank\"><strong>Claude Mantel<\/strong>&nbsp;<\/a>(Compagnon de la Lib\u00e9ration puis diplomate).&nbsp;<\/p>\n\n\n\n<p class=\"has-medium-font-size\">A S\u00e9oul, une rencontre avec&nbsp;<a rel=\"noreferrer noopener\" href=\"https:\/\/data.bnf.fr\/fr\/11904792\/virgil_gheorghiu\/\" target=\"_blank\"><strong>Virgil Gheorghiu<\/strong><\/a>&nbsp;(<em><a href=\"#Gheorghiu\">5<\/a>)<a rel=\"noreferrer noopener\" href=\"https:\/\/fr.wikipedia.org\/wiki\/Fran%C3%A7ois_Lefebvre_de_Laboulaye\" target=\"_blank\">&nbsp;<\/a><\/em>lui permet de nouer une relation d&rsquo;\u00e9changes avec l&rsquo;\u00e9crivain.<\/p>\n\n\n\n<p class=\"has-medium-font-size\">A la retraite, mes parents entretiennent une relation \u00e9troite et personnelle, construite lors de leur rencontre en Jordanie, avec le&nbsp;<strong><a rel=\"noreferrer noopener\" href=\"https:\/\/www.idref.fr\/027155331\" target=\"_blank\">Pasteur Georges Tartar<\/a><\/strong>&nbsp;et son \u00e9pouse&nbsp;.<\/p>\n\n\n\n<h2 class=\"has-text-align-center\" style=\"font-size:22px\"><strong>Notes et r\u00e9f\u00e9rences<\/strong><\/h2>\n\n\n\n<p id=\"Seoul\" style=\"font-size:18px\">1: A&nbsp;&nbsp;<strong><em>S\u00e9oul<\/em><\/strong>,&nbsp;je suis une ann\u00e9e d&rsquo;\u00e9tudes par correspondance avant d&rsquo;int\u00e9grer l&rsquo;internat du<strong><em>&nbsp;<\/em><\/strong>Lyc\u00e9e Franco-Japonais de Tokyo pendant deux ann\u00e9es. Le correspondant de mes parents sur place est&nbsp;<strong><a rel=\"noreferrer noopener\" href=\"https:\/\/fr.wikipedia.org\/wiki\/Fran%C3%A7ois_Lefebvre_de_Laboulaye\" target=\"_blank\">Fran\u00e7ois de Laboulaye<\/a><\/strong>&nbsp;alors ambassadeur de France au Japon. Il a \u00e9galement \u00e9t\u00e9 membre d&rsquo;honneur et&nbsp;<a rel=\"noreferrer noopener\" href=\"http:\/\/www.moncelon.fr\/ouvragesmassi.htm\" target=\"_blank\">pr\u00e9sident de l&rsquo;Association des Amis de Louis Massignon<\/a>.<\/p>\n\n\n\n<p id=\"Dakar\" style=\"font-size:18px\">2: C&rsquo;est \u00e0&nbsp;<strong><em><a><\/a>Dakar&nbsp;<\/em><\/strong>que j&rsquo;effectue mon service militaire aupr\u00e8s du&nbsp;<a href=\"http:\/\/www.jp-morillon.com\/10eme-bima\/\" target=\"_blank\" rel=\"noreferrer noopener\">10\u00e8me BIMA<\/a>.<\/p>\n\n\n\n<p id=\"Jean_Royere\" style=\"font-size:18px\"><strong><em>3.&nbsp;<a><\/a>Monsieur Jean Roy\u00e8re<\/em><\/strong>, alors ambassadeur de.&nbsp; France \u00e0 Khartoum, est mon parrain de confirmation (par l&rsquo;archev\u00eaque de Khartoum, Monseigneur Agostino Baroni). Une photo sur cette page t\u00e9moigne de la c\u00e9r\u00e9monie dans la cath\u00e9drale de Khartoum en f\u00e9vrier 1965.<\/p>\n\n\n\n<p id=\"Ethiopiques\" style=\"font-size:18px\">4: Novembre 2020: le site&nbsp;<a><\/a><strong><em>Ethiopiques&nbsp;<\/em><\/strong><strong><a href=\"http:\/\/ethiopiques.refer.sn\/spip.php?article588\" target=\"_blank\" rel=\"noreferrer noopener\">ethiopiques.refer.sn<\/a><\/strong>&nbsp;semble pr\u00e9senter&nbsp;des difficult\u00e9s d&rsquo;acc\u00e8s. Cet \u00e9crit a cependant \u00e9t\u00e9 pr\u00e9serv\u00e9 depuis ce site (cf. rubrique&nbsp;\u00ab\u00a0<em>Photos et documents<\/em>\u00ab\u00a0).&nbsp;Il est \u00e9galement mentionn\u00e9 dans diff\u00e9rents ouvrages parmi lesquels&nbsp;<em>\u00ab\u00a0Louis Massignon\u00a0\u00bb<\/em>&nbsp;par Christian Destremau et Jean Moncelon (Tempus, 2011).&nbsp;<\/p>\n\n\n\n<p id=\"Gheorghiu\" style=\"font-size:18px\">5:&nbsp;Un&nbsp;extrait d&rsquo;article de la presse cor\u00e9enne,&nbsp;<em>The Korea Herald<\/em>, sur cette page montre Messieurs&nbsp;<strong><em>Virgil&nbsp;&nbsp;Gheorghiu<\/em><\/strong>&nbsp;et Jean Morillon.&nbsp;<\/p>\n\n\n\n<h2 class=\"has-text-align-center\" style=\"font-size:22px\"><strong>Photos et documents<\/strong><\/h2>\n\n\n\n<section>\n \n   <div class=\"gallerie\"> \n         <span title=\"Djeddah, Arabie S\u00e9oudite, 1952 Georges Gueyraud Jean Morillon \">\n        <a href=\" https:\\\\jp-morillon.com\\imagegallery\\Jean-Morillon\\Ambassade_de_France_Djeddah_Arabie _Jean_Morillon_Georges_ Gueyraud.jpg\" data-lightbox=\"Jean_Morillon\" data-title=\"Ambassade de France \u00e0 Djeddah (Arabie Saoudite): Georges Gueyraud et Jean Morillon\n\"><img src=\"https:\\\\jp-morillon.com\\imagegallery\/Jean-Morillon\/Ambassade_de_France_Djeddah_Arabie _Jean_Morillon_Georges_ Gueyraud.thumb.jpg\"><\/a>     \n        <\/span>\n        <span title=\"Bagdad, Irak, 1954 De Vaucelles Mantel Morillon\">\n        <a href=\"https:\\\\jp-morillon.com\\imagegallery\\Jean-Morillon\\Jean_Morillon_Pierre_de_Vaucelles_Ambassade_de_France_Bagdad.jpg\" data-lightbox=\"Jean_Morillon\" data-title=\"Ambassade de France \u00e0 Bagdad (Irak): Remise des lettres de cr\u00e8ance par Pierre de Vaucelles en pr\u00e9sence de Jean Morillon Claude Mantel 1954.\"><img src=\"https:\\\\jp-morillon.com\\imagegallery\/Jean-Morillon\/Jean_Morillon_Pierre_de_Vaucelles_Ambassade_de_France_Bagdad.thumb.jpg\"><\/a>     \n        <\/span>\n        <span title=\"Bagdad, Irak, 1955, De Vaucelles Mantel Morillon\">\n        <a href=\"https:\\\\jp-morillon.com\\imagegallery\\Jean-Morillon\\Jean_Morillon_Pierre_de_Vaucelles_Claude_Mantel.jpg\" data-lightbox=\"Jean_Morillon\" data-title=\"Ambassade de France \u00e0 Bagdad (Irak): Pierre de Vaucelles Jean Morillon Claude Mantel 1955.\"><img src=\"https:\\\\jp-morillon.com\\imagegallery\/Jean-Morillon\/Jean_Morillon_Pierre_de_Vaucelles_Claude_Mantel.thumb.jpg\"><\/a>     \n        <\/span>\n        <span title=\"Bagdad, Irak, Jean Morillon, 1955\">\n        <a href=\"https:\\\\jp-morillon.com\\imagegallery\\Jean-Morillon\\Ambassade_de_France_Bagdad_Irak_Tigre_Jean_Morillon.jpg\" data-lightbox=\"Jean_Morillon\" data-title=\"Bagdad, Irak, Jean Morillon sur le bords du Tigre\"><img src=\"https:\\\\jp-morillon.com\\imagegallery\/Jean-Morillon\/Ambassade_de_France_Bagdad_Irak_Tigre_Jean_Morillon.thumb.jpg\"><\/a>     \n        <\/span>\n        <span title=\"Royaume d'Irak carte Jean Morillon\">\n         <a href=\"https:\\\\jp-morillon.com\\imagegallery\\Jean-Morillon\\Ambassade_de_France_Bagdad_Irak_Carte_Diplomatique_Jean_Morillon.jpg\" data-lightbox=\"Jean_Morillon\" data-title=\"Bagdad, Royaume d'Irak, 1955, Carte diplomatique Jean Morillon\"><img src=\"https:\\\\jp-morillon.com\\imagegallery\/Jean-Morillon\/Ambassade_de_France_Bagdad_Irak_Carte_Diplomatique_Jean_Morillon .thumb.jpg\"><\/a>     \n        <\/span>\n         <span title=\"Ambassade de France, Rabat, Maroc, Jean Morillon\">\n        <a href=\"https:\\\\jp-morillon.com\\imagegallery\\Jean-Morillon\\Ambassade_de_France_Rabat_Maroc_Jean_Morillon.jpg\" data-lightbox=\"Jean_Morillon\" data-title=\"Rabat, Maroc, 1957, Jean Morillon avant la pr\u00e9sentation des lettres de cr\u00e9ance d'Alexandre Parodi (nouvel ambassadeur de France). Note manuscrite Jean Morillon au dos.\"><img src=\"https:\\\\jp-morillon.com\\imagegallery\/Jean-Morillon\/Ambassade_de_France_Rabat_Maroc_Jean_Morillon.thumb.jpg\"><\/a>     \n        <\/span>\n       <span title=\"Karthoum, Soudan, communion Jean-Paul Morillon\">\n        <a href=\"https:\\\\jp-morillon.com\\imagegallery\\Jean-Morillon\\Ambassade_de_France_Karthoum_Soudan_Jean_Roy\u00e8re_Jean-Paul_Morillon.jpg\" data-lightbox=\"Jean_Morillon\" data-title=\"Confirmation Jean-Paul Morillon avec son parrain Jean Roy\u00e8re, ambassadeur de France, et Monseigneur Agostino Baroni, Khartoum, Soudan, 1965\"><img src=\"https:\\\\jp-morillon.com\\imagegallery\/Jean-Morillon\/Ambassade_de_France_Karthoum_Soudan_Jean_Roy\u00e8re_Jean-Paul_Morillon.thumb.jpg\"><\/a>     \n        <\/span>\n        <span title=\"Ankara, Turquie, 1968, De Gaulle Morillon\">\n        <a href=\"https:\\\\jp-morillon.com\\imagegallery\\Jean-Morillon\\G\u00e9n\u00e9ral_de_Gaulle_Jean_Morillon_Ankara.jpg\" data-lightbox=\"Jean_Morillon\" data-title=\"Le G\u00e9n\u00e9ral et Madame Charles de Gaulle, Monsieur et Madame Jean Morillon \u00e0 l'a\u00e9roport d'Ankara (Turquie), en 1968, avant la visite \u00e0 l'ambassade de France.\"><img src=\"https:\\\\jp-morillon.com\\imagegallery\/Jean-Morillon\/G\u00e9n\u00e9ral_de_Gaulle_Jean_Morillon_Ankara.thumb.jpg\" data-alt=\"De Gaulle Morillon Ankara 1968\"><\/a>\n        <\/span>\n         <span title=\"A\u00e9roport d'Anakara Turquie, 1968, arriv\u00e9e de Gaulle\">\n        <a href=\"https:\\\\jp-morillon.com\\imagegallery\\Jean-Morillon\\Ambassade_de_France_Ankara_Turquie_Arriv\u00e9e_G\u00e9n\u00e9ral_de_Gaulle.jpg\" data-lightbox=\"Jean_Morillon\" data-title=\"Cort\u00e8ge \u00e0 l'a\u00e9roport d'Ankara, Turquie pour l'arriv\u00e9e du G\u00e9n\u00e9ral de Gaulle. Photo prise par Jean-Paul Morillon\"><img src=\"https:\\\\jp-morillon.com\\imagegallery\/Jean-Morillon\/Ambassade_de_France_Ankara_Turquie_Arriv\u00e9e_G\u00e9n\u00e9ral_de_Gaulle.thumb.jpg\"><\/a>     \n        <\/span>\n        <span title=\"Ambassade de France \u00e0 Ankara\">\n        <a href=\"https:\\\\jp-morillon.com\\imagegallery\\Jean-Morillon\\Ambassade_de_France_Ankara_Turquie.jpg\" data-lightbox=\"Jean_Morillon\" data-title=\"Ambassade de France \u00e0 Ankara, Turquie, milieu des ann\u00e9es 1960\"><img src=\"https:\\\\jp-morillon.com\\imagegallery\/Jean-Morillon\/Ambassade_de_France_Ankara_Turquie.thumb.jpg\"><\/a>     \n        <\/span>\n       <span title=\"Ambassade de France \u00e0 S\u00e9oul Cor\u00e9e\">\n        <a href=\"https:\\\\jp-morillon.com\\imagegallery\\Jean-Morillon\\Ambassade_de_France_S\u00e9oul_Cor\u00e9e_Pierre_Landy_Jean_Morillon.jpg\" data-lightbox=\"Jean_Morillon\" data-title=\"Ambassade de France \u00e0 S\u00e9oul, Cor\u00e9e, 1972,l'ambassdeur Pierre Landy et ses collaborateurs, dont Jean Morillon\"><img src=\"https:\\\\jp-morillon.com\\imagegallery\/Jean-Morillon\/Ambassade_de_France_S\u00e9oul_Cor\u00e9e_Pierre_Landy_Jean_Morillon.thumb.jpg\"><\/a>     \n        <\/span>\n       <span title=\"Cor\u00e9e, S\u00e9oul, Jean Morillon et Virgil Gheorghiu\">\n        <a href=\"https:\\\\jp-morillon.com\\imagegallery\\Jean-Morillon\\Ambassade_de_France_S\u00e9oul_Cor\u00e9e_Jean_Morillon_Virgil_Gheorghiu.jpg\" data-lightbox=\"Jean_Morillon\" data-title=\"Ambassade de France \u00e0 S\u00e9oul (Cor\u00e9e): Jean Morillon et Madame avec Virgil Gheorghiu et Madame, 1974 (The Korea Herald)\"><img src=\"https:\\\\jp-morillon.com\\imagegallery\/Jean-Morillon\/Ambassade_de_France_S\u00e9oul_Cor\u00e9e_Jean_Morillon_Virgil_Gheorghiu.thumb.jpg\"><\/a>     \n        <\/span>\n       <span title=\"S\u00e9oul, Cor\u00e9e, Jean Morillon et Virgil Gheorghiu\">\n        <a href=\"https:\\\\jp-morillon.com\\imagegallery\\Jean-Morillon\\Ambassade_de_France_S\u00e9oul_Cor\u00e9e_Korea_Herald_Jean_Morillon_Virgil_Gheorghiu.jpg\" data-lightbox=\"Jean_Morillon\" data-title=\"Ambassade de France \u00e0 S\u00e9oul (Cor\u00e9e): Jean Morillon et Madame avec Virgil Gheorghiu et Madame, 1974 (The Korea Herald)\"><img src=\"https:\\\\jp-morillon.com\\imagegallery\/Jean-Morillon\/Ambassade_de_France_S\u00e9oul_Cor\u00e9e_Korea_Herald_Jean_Morillon_Virgil_Gheorghiu.thumb.jpg\"><\/a>     \n        <\/span>\n        <span title=\"S\u00e9oul, Cor\u00e9e, article de presse Madame Jean Morillon\">\n        <a href=\"https:\\\\jp-morillon.com\\imagegallery\\Jean-Morillon\\Ambassade_de_France_S\u00e9oul_Cor\u00e9e_Madame_Jean_Morillon_Maeil_Business.jpg\" data-lightbox=\"Jean_Morillon\" data-title=\"Article sur Madame Jean Morillon dans le Naeli Business Newspaper\"><img src=\"https:\\\\jp-morillon.com\\imagegallery\/Jean-Morillon\/Ambassade_de_France_S\u00e9oul_Cor\u00e9e_Madame_Jean_Morillon_Maeil_Business.thumb.jpg\"><\/a>     \n        <\/span>\n       <span title=\"Dakar, S\u00e9n\u00e9gal, Fernand Wibaux et Jean Morillon\">\n        <a href=\"https:\\\\jp-morillon.com\\imagegallery\\Jean-Morillon\\Ambassade_de_France_Dakar_S\u00e9n\u00e9gal_Fernand_Wibaux_Jean_Morillon.jpg\" data-lightbox=\"Jean_Morillon\" data-title=\"Ambassade de France \u00e0 Dakar, S\u00e9n\u00e9gal, Fernand Wibaux et Jean Morillon\"><img src=\"https:\\\\jp-morillon.com\\imagegallery\/Jean-Morillon\/Ambassade_de_France_Dakar_S\u00e9n\u00e9gal_Fernand_Wibaux_Jean_Morillon.thumb.jpg\"><\/a>     \n        <span title=\"Angers, Carte adress\u00e9e \u00e0 Jean Morillon par Charles Chesneau Julien-Eymard d'Angers\">\n        <a href=\"https:\\\\jp-morillon.com\\imagegallery\\Jean-Morillon\\Charles_Chesneau_Julien-Eymard_Angers_Jean_Morillon.jpg\" data-lightbox=\"Jean_Morillon\" data-title=\"Angers, Carte adress\u00e9e \u00e0 Jean Morillon par Charles Chesneau Julien-Eymard d'Angers\"><img src=\"https:\\\\jp-morillon.com\\imagegallery\/Jean-Morillon\/Charles_Chesneau_Julien-Eymard_Angers_Jean_Morillon.thumb.jpg\"><\/a>     \n        <\/span>\n        <span title=\"Angers, Monsieur et Madame Jean Morillon, 1948 et 1949\">\n        <a href=\"https:\\\\jp-morillon.com\\imagegallery\\Jean-Morillon\\Angers_Universit\u00e9_Catholique_Jean_Madame_Morillon.jpg\" data-lightbox=\"Jean_Morillon\" data-title=\"Monsieur et Madame Jean Morillon, Angers, 1948 et 1949\"><img src=\"https:\\\\jp-morillon.com\\imagegallery\/Jean-Morillon\/Angers_Universit\u00e9_Catholique_Jean_Madame_Morillon.thumb.jpg\"><\/a> \n        <\/span>    \n        <span title=\"Agadir, Maroc, Monsieur et Madame et Jean-Paul Morillon, 1958\">\n        <a href=\"https:\\\\jp-morillon.com\\imagegallery\\Jean-Morillon\\Agadir_Maroc_Jean_Morillon_Madame_Jean-Paul_Morillon.jpg\" data-lightbox=\"Jean_Morillon\" data-title=\"Agadir, Maroc, Monsieur et Madame et Jean-Paul Morillon, 1958\"><img src=\"https:\\\\jp-morillon.com\\imagegallery\/Jean-Morillon\/Agadir_Maroc_Jean_Morillon_Madame_Jean-Paul_Morillon.thumb.jpg\"><\/a> \n        <\/span>\n        <span title=\"Passeport diplomatique Jean-Paul Morillon\">\n        <a href=\"https:\\\\jp-morillon.com\\imagegallery\\Jean-Morillon\\Passeport_Diplomatique_Jean-Paul_Morillon.jpg\" data-lightbox=\"Jean_Morillon\" data-title=\"Passeport diplomatique Jean-Paul Morillon, 1973\"><img src=\"https:\\\\jp-morillon.com\\imagegallery\/Jean-Morillon\/Passeport_Diplomatique_Jean-Paul_Morillon.thumb.jpg\"><\/a> \n        <\/span>\n        <span title=\"LA VOCATION DE L\u2019ISLAM ET MASSIGNON Par Jean Morillon\">\n        <a href=\"https:\\\\jp-morillon.com\\imagegallery\\Jean-Morillon\\Ethiopiques_Islam_Jean_Morillon_Louis _Massignon.jpg\" data-lightbox=\"Jean_Morillon\" data-title=\"LA VOCATION DE L\u2019ISLAM ET MASSIGNON - Ethiopiques - Revue negro-africaine de litt\u00e9rature et de philosophie__2\n\"><img src=\"https:\\\\jp-morillon.com\\imagegallery\/Jean-Morillon\/Ethiopiques_Islam_Jean_Morillon_Louis _Massignon.thumb.jpg\"><\/a> \n        <\/span>        \n    <\/span><\/div>\n  <\/section>\n \n  <script src=\"https:\/\/jp-morillon.com\/js\/lightbox-plus-jquery.min.js\"><\/script>\n","protected":false},"excerpt":{"rendered":"<p>Jean Morillon est un&nbsp;diplomate de carri\u00e8re fran\u00e7ais, n\u00e9 en 1924 dans les Pays de la Loire et d\u00e9c\u00e9d\u00e9 en 2008 en \u00cele-de-France.&nbsp; Etudes Jean Morillon, mon p\u00e8re, poursuit des \u00e9tudes au coll\u00e8ge Saint-Joseph de Maz\u00e9, \u00e0 l&rsquo;universit\u00e9 catholique d&rsquo;Angers&nbsp;d&rsquo;o\u00f9 il sort&nbsp;licenci\u00e9 \u00e8s lettres et en droit, pour aller \u00e0 l&rsquo;Institut d\u2019\u00e9tudes politiques de Paris&nbsp;puis \u00e0&#8230;<a class=\"read-more-link button\" href=\"https:\/\/jp-morillon.com\/index.php\/jean-morillon\/\">Read more<\/a><\/p>\n","protected":false},"author":1,"featured_media":0,"parent":0,"menu_order":0,"comment_status":"closed","ping_status":"closed","template":"","meta":[],"yoast_head":"<!-- This site is optimized with the Yoast SEO plugin v19.10 - https:\/\/yoast.com\/wordpress\/plugins\/seo\/ -->\n<title>Jean Morillon - Jean-Paul Morillon<\/title>\n<meta name=\"description\" content=\"Jean Morillon, n\u00e9 en 1924 dans les Pays de la Loire et d\u00e9c\u00e9d\u00e9 en 2008 en \u00cele-de-France, est un diplomate de carri\u00e8re fran\u00e7ais.\" \/>\n<meta name=\"robots\" content=\"index, follow, max-image-preview:large, max-video-preview:-1, nosnippet\" \/>\n<link rel=\"canonical\" href=\"https:\/\/jp-morillon.com\/index.php\/jean-morillon\/\" \/>\n<meta property=\"og:locale\" content=\"fr_FR\" \/>\n<meta property=\"og:type\" content=\"article\" \/>\n<meta property=\"og:title\" content=\"Jean Morillon - Jean-Paul Morillon\" \/>\n<meta property=\"og:description\" content=\"Jean Morillon, n\u00e9 en 1924 dans les Pays de la Loire et d\u00e9c\u00e9d\u00e9 en 2008 en \u00cele-de-France, est un diplomate de carri\u00e8re fran\u00e7ais.\" \/>\n<meta property=\"og:url\" content=\"https:\/\/jp-morillon.com\/index.php\/jean-morillon\/\" \/>\n<meta property=\"og:site_name\" content=\"Jean-Paul Morillon\" \/>\n<meta property=\"article:modified_time\" content=\"2026-02-11T13:35:04+00:00\" \/>\n<meta property=\"og:image\" content=\"http:\/\/jp-morillon.com\/wp-content\/uploads\/2022\/03\/Jean-Morillon-et-Madame-Remise-Legion-dHonneur-Dakar-reduit.jpg\" \/>\n<meta name=\"twitter:card\" content=\"summary_large_image\" \/>\n<meta name=\"twitter:label1\" content=\"Dur\u00e9e de lecture estim\u00e9e\" \/>\n\t<meta name=\"twitter:data1\" content=\"12 minutes\" \/>\n<script type=\"application\/ld+json\" class=\"yoast-schema-graph\">{\"@context\":\"https:\/\/schema.org\",\"@graph\":[{\"@type\":\"WebPage\",\"@id\":\"https:\/\/jp-morillon.com\/index.php\/jean-morillon\/\",\"url\":\"https:\/\/jp-morillon.com\/index.php\/jean-morillon\/\",\"name\":\"Jean Morillon - Jean-Paul Morillon\",\"isPartOf\":{\"@id\":\"https:\/\/jp-morillon.com\/#website\"},\"datePublished\":\"2022-07-10T09:31:20+00:00\",\"dateModified\":\"2026-02-11T13:35:04+00:00\",\"description\":\"Jean Morillon, n\u00e9 en 1924 dans les Pays de la Loire et d\u00e9c\u00e9d\u00e9 en 2008 en \u00cele-de-France, est un diplomate de carri\u00e8re fran\u00e7ais.\",\"breadcrumb\":{\"@id\":\"https:\/\/jp-morillon.com\/index.php\/jean-morillon\/#breadcrumb\"},\"inLanguage\":\"fr-FR\",\"potentialAction\":[{\"@type\":\"ReadAction\",\"target\":[\"https:\/\/jp-morillon.com\/index.php\/jean-morillon\/\"]}]},{\"@type\":\"BreadcrumbList\",\"@id\":\"https:\/\/jp-morillon.com\/index.php\/jean-morillon\/#breadcrumb\",\"itemListElement\":[{\"@type\":\"ListItem\",\"position\":1,\"name\":\"Accueil\",\"item\":\"https:\/\/jp-morillon.com\/\"},{\"@type\":\"ListItem\",\"position\":2,\"name\":\"Jean Morillon\"}]},{\"@type\":\"WebSite\",\"@id\":\"https:\/\/jp-morillon.com\/#website\",\"url\":\"https:\/\/jp-morillon.com\/\",\"name\":\"Jean-Paul Morillon\",\"description\":\"\",\"potentialAction\":[{\"@type\":\"SearchAction\",\"target\":{\"@type\":\"EntryPoint\",\"urlTemplate\":\"https:\/\/jp-morillon.com\/?s={search_term_string}\"},\"query-input\":\"required name=search_term_string\"}],\"inLanguage\":\"fr-FR\"}]}<\/script>\n<!-- \/ Yoast SEO plugin. -->","yoast_head_json":{"title":"Jean Morillon - Jean-Paul Morillon","description":"Jean Morillon, n\u00e9 en 1924 dans les Pays de la Loire et d\u00e9c\u00e9d\u00e9 en 2008 en \u00cele-de-France, est un diplomate de carri\u00e8re fran\u00e7ais.","robots":{"index":"index","follow":"follow","max-image-preview":"max-image-preview:large","max-video-preview":"max-video-preview:-1","snippet":"nosnippet"},"canonical":"https:\/\/jp-morillon.com\/index.php\/jean-morillon\/","og_locale":"fr_FR","og_type":"article","og_title":"Jean Morillon - Jean-Paul Morillon","og_description":"Jean Morillon, n\u00e9 en 1924 dans les Pays de la Loire et d\u00e9c\u00e9d\u00e9 en 2008 en \u00cele-de-France, est un diplomate de carri\u00e8re fran\u00e7ais.","og_url":"https:\/\/jp-morillon.com\/index.php\/jean-morillon\/","og_site_name":"Jean-Paul Morillon","article_modified_time":"2026-02-11T13:35:04+00:00","og_image":[{"url":"http:\/\/jp-morillon.com\/wp-content\/uploads\/2022\/03\/Jean-Morillon-et-Madame-Remise-Legion-dHonneur-Dakar-reduit.jpg"}],"twitter_card":"summary_large_image","twitter_misc":{"Dur\u00e9e de lecture estim\u00e9e":"12 minutes"},"schema":{"@context":"https:\/\/schema.org","@graph":[{"@type":"WebPage","@id":"https:\/\/jp-morillon.com\/index.php\/jean-morillon\/","url":"https:\/\/jp-morillon.com\/index.php\/jean-morillon\/","name":"Jean Morillon - Jean-Paul Morillon","isPartOf":{"@id":"https:\/\/jp-morillon.com\/#website"},"datePublished":"2022-07-10T09:31:20+00:00","dateModified":"2026-02-11T13:35:04+00:00","description":"Jean Morillon, n\u00e9 en 1924 dans les Pays de la Loire et d\u00e9c\u00e9d\u00e9 en 2008 en \u00cele-de-France, est un diplomate de carri\u00e8re fran\u00e7ais.","breadcrumb":{"@id":"https:\/\/jp-morillon.com\/index.php\/jean-morillon\/#breadcrumb"},"inLanguage":"fr-FR","potentialAction":[{"@type":"ReadAction","target":["https:\/\/jp-morillon.com\/index.php\/jean-morillon\/"]}]},{"@type":"BreadcrumbList","@id":"https:\/\/jp-morillon.com\/index.php\/jean-morillon\/#breadcrumb","itemListElement":[{"@type":"ListItem","position":1,"name":"Accueil","item":"https:\/\/jp-morillon.com\/"},{"@type":"ListItem","position":2,"name":"Jean Morillon"}]},{"@type":"WebSite","@id":"https:\/\/jp-morillon.com\/#website","url":"https:\/\/jp-morillon.com\/","name":"Jean-Paul Morillon","description":"","potentialAction":[{"@type":"SearchAction","target":{"@type":"EntryPoint","urlTemplate":"https:\/\/jp-morillon.com\/?s={search_term_string}"},"query-input":"required name=search_term_string"}],"inLanguage":"fr-FR"}]}},"_links":{"self":[{"href":"https:\/\/jp-morillon.com\/index.php\/wp-json\/wp\/v2\/pages\/227"}],"collection":[{"href":"https:\/\/jp-morillon.com\/index.php\/wp-json\/wp\/v2\/pages"}],"about":[{"href":"https:\/\/jp-morillon.com\/index.php\/wp-json\/wp\/v2\/types\/page"}],"author":[{"embeddable":true,"href":"https:\/\/jp-morillon.com\/index.php\/wp-json\/wp\/v2\/users\/1"}],"replies":[{"embeddable":true,"href":"https:\/\/jp-morillon.com\/index.php\/wp-json\/wp\/v2\/comments?post=227"}],"version-history":[{"count":60,"href":"https:\/\/jp-morillon.com\/index.php\/wp-json\/wp\/v2\/pages\/227\/revisions"}],"predecessor-version":[{"id":1685,"href":"https:\/\/jp-morillon.com\/index.php\/wp-json\/wp\/v2\/pages\/227\/revisions\/1685"}],"wp:attachment":[{"href":"https:\/\/jp-morillon.com\/index.php\/wp-json\/wp\/v2\/media?parent=227"}],"curies":[{"name":"wp","href":"https:\/\/api.w.org\/{rel}","templated":true}]}}